{"id":1562,"date":"2022-04-16T13:45:59","date_gmt":"2022-04-16T13:45:59","guid":{"rendered":"https:\/\/andrerosinha.pt\/sobre-mim\/"},"modified":"2026-04-05T08:12:30","modified_gmt":"2026-04-05T08:12:30","slug":"andre-rosinha","status":"publish","type":"page","link":"https:\/\/andrerosinha.pt\/en\/andre-rosinha\/","title":{"rendered":"About &#8211; Andr\u00e9 Rosinha"},"content":{"rendered":"<section class=\"l-section wpb_row us_custom_660a81ea height_auto\"><div class=\"l-section-h i-cf\"><div class=\"g-cols vc_row via_grid cols_1 laptops-cols_inherit tablets-cols_inherit mobiles-cols_1 valign_top type_default stacking_default\"><div class=\"wpb_column vc_column_container\"><div class=\"vc_column-inner\"><div class=\"w-separator us_custom_a66dfdc1 us_animate_this size_small\"><\/div><h1 class=\"w-text us_custom_edb423b1\"><span class=\"w-text-h\"><span class=\"w-text-value\">About<\/span><\/span><\/h1><div class=\"w-separator size_small\"><\/div><\/div><\/div><\/div><\/div><\/section><section class=\"l-section wpb_row height_auto\"><div class=\"l-section-h i-cf\"><div class=\"g-cols vc_row via_grid cols_3-2 laptops-cols_inherit tablets-cols_inherit mobiles-cols_1 valign_top type_default stacking_default\"><div class=\"wpb_column vc_column_container hide_on_tablets hide_on_mobiles\"><div class=\"vc_column-inner\"><div class=\"wpb_text_column\"><div class=\"wpb_wrapper\"><p>Andr\u00e9 Rosinha (Sintra, 1987) is a jazz double bass player who has released five albums under his name.<\/p>\n<p>\u201c<strong>P\u00f3rtico<\/strong>\u201d is the title of his first album as band leader, on which he performs his own compositions alongside musicians Jo\u00e3o Barradas (accordion), Albert Cirera (saxophone), Eduardo Cardinho (vibraphone) and Bruno Pedroso (drums), having performed at venues such as Casa da M\u00fasica in Porto and the C\u00edrculo de Jazz in Set\u00fabal. On his second album, \u201c<strong>\u00c1rvore<\/strong>\u201d (2019), Andr\u00e9 Rosinha adopted the format that has accompanied him ever since: a trio with Jo\u00e3o Paulo Esteves da Silva on piano and Marcos Cavaleiro on drums, with whom he also released the albums \u201c<strong>Triskel<\/strong>\u201d (2022) and \u201c<strong>Raiz<\/strong>\u201d (2025), and in which we find a fusion of the worlds of jazz, traditional Portuguese music and improvisation. The Andr\u00e9 Rosinha Trio has performed at the Bel\u00e9m Cultural Centre, Jazz2020 organised by the Calouste Gulbenkian Foundation, Seixal Jazz, Jazz em Monserrate, JazzMATAzz, Gr\u00e2ndola Vila Jazz, and Festa do Avante!, amongst others.<\/p>\n<p>In 2021, he formed a co-led trio with Beatriz Nunes on vocals and pianist Paula Sousa, with whom he released the album \u201c<strong>\u00c0 Espera do Futuro<\/strong>\u201d and also \u201c<strong>A C\u00e9u Aberto<\/strong>\u201d in 2025, presented at the Serralves Autumn Festival (Porto), Jazz Tem Voz (Lisbon), the Tavira Jazz Cycle, Novom\u011bstsk\u00e1 Radnice in Prague (Czech Republic), the Opus Jazz Club in Budapest (Hungary) and the Nikolaisaal in Potsdam (Germany), amongst others.<\/p>\n<p>After more than 15 years exploring music and jazz, always accompanied by other musicians on stage and in the studio, Andr\u00e9 Rosinha released his first solo album, \u201c<strong>Ermo<\/strong>\u201d, in 2026.<\/p>\n<p>Alongside his own projects, he has been a member of singer <strong>Salvador Sobral<\/strong>\u2019s band since 2015, with whom he has recorded six albums, and is also a member of pianist <strong>J\u00falio Resende<\/strong>\u2019s group, <strong>Jo\u00e3o Barradas Trio, Samuel Lercher Trio, Desid\u00e9rio L\u00e1zaro Trio<\/strong> and <strong>Marco Santos 6tet<\/strong>.<\/p>\n<p>He has performed at numerous <strong>international jazz festivals<\/strong>, notably Funchal Jazz and Seixal Jazz (Portugal), Jazzaldia, Festival Noches del Bot\u00e1nico and Cadiz Jazz Festival (Spain), Festival Au Fil des Voix (France), Reset Jazz Festival (Luxembourg), Jazzfestival M\u00fcnster and Jazzahead (Germany), Sopot Jazz Festival (Poland), Jazzkar (Estonia), Kaunas Jazz (Lithuania), Festival de Jazz de Montevideo (Uruguay) and Cairo Jazz Fest (Egypt).<\/p>\n<\/div><\/div><\/div><\/div><div class=\"wpb_column vc_column_container us_custom_91ab39a9 hide_on_tablets hide_on_mobiles\"><div class=\"vc_column-inner\"><div class=\"w-image us_custom_308d7c64 hide_on_mobiles has_ratio align_none\"><div class=\"w-image-h\"><div style=\"padding-bottom:200%\"><\/div><img decoding=\"async\" width=\"576\" height=\"1024\" src=\"https:\/\/andrerosinha.pt\/wp-content\/uploads\/2022\/04\/Andre\u0301-Rosinha-scaled-576x1024.jpg\" class=\"attachment-large size-large\" alt=\"\" loading=\"lazy\" \/><\/div><\/div><\/div><\/div><\/div><\/div><\/section><section class=\"l-section wpb_row us_custom_e6c1b847 height_auto\"><div class=\"l-section-h i-cf\"><div class=\"g-cols vc_row via_grid cols_1 laptops-cols_inherit tablets-cols_inherit mobiles-cols_1 valign_top type_default stacking_default\"><div class=\"wpb_column vc_column_container hide_on_default hide_on_laptops\"><div class=\"vc_column-inner\"><div class=\"wpb_text_column hide_on_default hide_on_laptops\"><div class=\"wpb_wrapper\"><p>Andr\u00e9 Rosinha (Sintra, 1987) is a jazz double bass player who has released five albums under his name.<\/p>\n<p>\u201c<strong>P\u00f3rtico<\/strong>\u201d is the title of his first album as band leader, on which he performs his own compositions alongside musicians Jo\u00e3o Barradas (accordion), Albert Cirera (saxophone), Eduardo Cardinho (vibraphone) and Bruno Pedroso (drums), having performed at venues such as Casa da M\u00fasica in Porto and the C\u00edrculo de Jazz in Set\u00fabal. On his second album, \u201c<strong>\u00c1rvore<\/strong>\u201d (2019), Andr\u00e9 Rosinha adopted the format that has accompanied him ever since: a trio with Jo\u00e3o Paulo Esteves da Silva on piano and Marcos Cavaleiro on drums, with whom he also released the albums \u201c<strong>Triskel<\/strong>\u201d (2022) and \u201c<strong>Raiz<\/strong>\u201d (2025), and in which we find a fusion of the worlds of jazz, traditional Portuguese music and improvisation. The Andr\u00e9 Rosinha Trio has performed at the Bel\u00e9m Cultural Centre, Jazz2020 organised by the Calouste Gulbenkian Foundation, Seixal Jazz, Jazz em Monserrate, JazzMATAzz, Gr\u00e2ndola Vila Jazz, and Festa do Avante!, amongst others.<\/p>\n<p>In 2021, he formed a co-led trio with Beatriz Nunes on vocals and pianist Paula Sousa, with whom he released the album \u201c<strong>\u00c0 Espera do Futuro<\/strong>\u201d and also \u201c<strong>A C\u00e9u Aberto<\/strong>\u201d in 2025, presented at the Serralves Autumn Festival (Porto), Jazz Tem Voz (Lisbon), the Tavira Jazz Cycle, Novom\u011bstsk\u00e1 Radnice in Prague (Czech Republic), the Opus Jazz Club in Budapest (Hungary) and the Nikolaisaal in Potsdam (Germany), amongst others.<\/p>\n<p>After more than 15 years exploring music and jazz, always accompanied by other musicians on stage and in the studio, Andr\u00e9 Rosinha released his first solo album, \u201c<strong>Ermo<\/strong>\u201d, in 2026.<\/p>\n<p>Alongside his own projects, he has been a member of singer <strong>Salvador Sobral<\/strong>\u2019s band since 2015, with whom he has recorded six albums, and is also a member of pianist <strong>J\u00falio Resende<\/strong>\u2019s group, <strong>Jo\u00e3o Barradas Trio, Samuel Lercher Trio, Desid\u00e9rio L\u00e1zaro Trio<\/strong> and <strong>Marco Santos 6tet<\/strong>.<\/p>\n<p>He has performed at numerous <strong>international jazz festivals<\/strong>, notably Funchal Jazz and Seixal Jazz (Portugal), Jazzaldia, Festival Noches del Bot\u00e1nico and Cadiz Jazz Festival (Spain), Festival Au Fil des Voix (France), Reset Jazz Festival (Luxembourg), Jazzfestival M\u00fcnster and Jazzahead (Germany), Sopot Jazz Festival (Poland), Jazzkar (Estonia), Kaunas Jazz (Lithuania), Festival de Jazz de Montevideo (Uruguay) and Cairo Jazz Fest (Egypt).<\/p>\n<p>Andr\u00e9 Rosinha has shared the stage with musicians such as <strong>David Binney, Jonathan Kreisberg, Perico Sambeat, Greg Osby, Seamus Blake, Marc Miralta, Abe Rabade, Jeffery Davis, Ben Van Gelder, Roberto Negro, Tineke Postma<\/strong> and <strong>Sara Serpa<\/strong>.<\/p>\n<\/div><\/div><\/div><\/div><\/div><\/div><\/section><section class=\"l-section wpb_row us_custom_e6c1b847 height_auto\"><div class=\"l-section-h i-cf\"><div class=\"g-cols vc_row via_grid cols_1 laptops-cols_inherit tablets-cols_inherit mobiles-cols_1 valign_top type_default stacking_default\"><div class=\"wpb_column vc_column_container hide_on_tablets hide_on_mobiles\"><div class=\"vc_column-inner\"><div class=\"wpb_text_column\"><div class=\"wpb_wrapper\"><p>Andr\u00e9 Rosinha has shared the stage with musicians such as <strong>David Binney, Jonathan Kreisberg, Perico Sambeat, Greg Osby, Seamus Blake, Marc Miralta, Abe Rabade, Jeffery Davis, Ben Van Gelder, Roberto Negro, Tineke Postma<\/strong> and <strong>Sara Serpa<\/strong>.<\/p>\n<\/div><\/div><\/div><\/div><\/div><\/div><\/section><section class=\"l-section wpb_row us_custom_3beb2e21 height_auto\"><div class=\"l-section-h i-cf\"><div class=\"g-cols vc_row via_grid cols_1 laptops-cols_inherit tablets-cols_inherit mobiles-cols_1 valign_top type_default stacking_default\"><div class=\"wpb_column vc_column_container us_custom_84402e8a\"><div class=\"vc_column-inner\"><div class=\"g-cols wpb_row via_grid cols_1 laptops-cols_inherit tablets-cols_inherit mobiles-cols_1 valign_top type_default stacking_default\" style=\"--columns-gap:3rem;\"><div class=\"wpb_column vc_column_container\"><div class=\"vc_column-inner\"><\/div><\/div><\/div><div class=\"w-separator size_medium\"><\/div><div class=\"w-image hide_on_default hide_on_laptops has_ratio align_none\"><div class=\"w-image-h\"><div style=\"padding-bottom:200%\"><\/div><img decoding=\"async\" width=\"576\" height=\"1024\" src=\"https:\/\/andrerosinha.pt\/wp-content\/uploads\/2022\/04\/Andre\u0301-Rosinha-scaled-576x1024.jpg\" class=\"attachment-large size-large\" alt=\"\" loading=\"lazy\" \/><\/div><\/div><\/div><\/div><\/div><\/div><\/section>\n","protected":false},"excerpt":{"rendered":"AboutAndr\u00e9 Rosinha (Sintra, 1987) is a jazz double bass player who has released five albums under his name. \u201cP\u00f3rtico\u201d is the title of his first album as band leader, on...","protected":false},"author":1,"featured_media":1542,"parent":0,"menu_order":0,"comment_status":"closed","ping_status":"closed","template":"","meta":{"footnotes":"","_links_to":"","_links_to_target":""},"class_list":["post-1562","page","type-page","status-publish","has-post-thumbnail","hentry"],"yoast_head":"<!-- This site is optimized with the Yoast SEO plugin v25.7 - https:\/\/yoast.com\/wordpress\/plugins\/seo\/ -->\n<title>About - Andr\u00e9 Rosinha - Andr\u00e9 Rosinha<\/title>\n<meta name=\"description\" content=\"Born in Sintra (1987), Andr\u00e9 Rosinha started studying double bass at the age of 20, while being enrolled at the Conservatory.\" \/>\n<meta name=\"robots\" content=\"index, follow, max-snippet:-1, max-image-preview:large, max-video-preview:-1\" \/>\n<link rel=\"canonical\" href=\"https:\/\/andrerosinha.pt\/en\/andre-rosinha\/\" \/>\n<meta property=\"og:locale\" content=\"en_US\" \/>\n<meta property=\"og:type\" content=\"article\" \/>\n<meta property=\"og:title\" content=\"About - Andr\u00e9 Rosinha - Andr\u00e9 Rosinha\" \/>\n<meta property=\"og:description\" content=\"Born in Sintra (1987), Andr\u00e9 Rosinha started studying double bass at the age of 20, while being enrolled at the Conservatory.\" \/>\n<meta property=\"og:url\" content=\"https:\/\/andrerosinha.pt\/en\/andre-rosinha\/\" \/>\n<meta property=\"og:site_name\" content=\"Andr\u00e9 Rosinha\" \/>\n<meta property=\"article:modified_time\" content=\"2026-04-05T08:12:30+00:00\" \/>\n<meta property=\"og:image\" content=\"https:\/\/andrerosinha.pt\/wp-content\/uploads\/2022\/05\/Andre\u0301-Rosinha-\u00a9Jorge-Carmona_2-scaled.jpg\" \/>\n\t<meta property=\"og:image:width\" content=\"2146\" \/>\n\t<meta property=\"og:image:height\" content=\"2560\" \/>\n\t<meta property=\"og:image:type\" content=\"image\/jpeg\" \/>\n<meta name=\"twitter:card\" content=\"summary_large_image\" \/>\n<meta name=\"twitter:label1\" content=\"Est. reading time\" \/>\n\t<meta name=\"twitter:data1\" content=\"4 minutes\" \/>\n<script type=\"application\/ld+json\" class=\"yoast-schema-graph\">{\"@context\":\"https:\/\/schema.org\",\"@graph\":[{\"@type\":\"WebPage\",\"@id\":\"https:\/\/andrerosinha.pt\/en\/andre-rosinha\/\",\"url\":\"https:\/\/andrerosinha.pt\/en\/andre-rosinha\/\",\"name\":\"About - Andr\u00e9 Rosinha - Andr\u00e9 Rosinha\",\"isPartOf\":{\"@id\":\"https:\/\/andrerosinha.pt\/#website\"},\"primaryImageOfPage\":{\"@id\":\"https:\/\/andrerosinha.pt\/en\/andre-rosinha\/#primaryimage\"},\"image\":{\"@id\":\"https:\/\/andrerosinha.pt\/en\/andre-rosinha\/#primaryimage\"},\"thumbnailUrl\":\"https:\/\/andrerosinha.pt\/wp-content\/uploads\/2022\/05\/Andre\u0301-Rosinha-\u00a9Jorge-Carmona_2-scaled.jpg\",\"datePublished\":\"2022-04-16T13:45:59+00:00\",\"dateModified\":\"2026-04-05T08:12:30+00:00\",\"description\":\"Born in Sintra (1987), Andr\u00e9 Rosinha started studying double bass at the age of 20, while being enrolled at the Conservatory.\",\"breadcrumb\":{\"@id\":\"https:\/\/andrerosinha.pt\/en\/andre-rosinha\/#breadcrumb\"},\"inLanguage\":\"en-US\",\"potentialAction\":[{\"@type\":\"ReadAction\",\"target\":[\"https:\/\/andrerosinha.pt\/en\/andre-rosinha\/\"]}]},{\"@type\":\"ImageObject\",\"inLanguage\":\"en-US\",\"@id\":\"https:\/\/andrerosinha.pt\/en\/andre-rosinha\/#primaryimage\",\"url\":\"https:\/\/andrerosinha.pt\/wp-content\/uploads\/2022\/05\/Andre\u0301-Rosinha-\u00a9Jorge-Carmona_2-scaled.jpg\",\"contentUrl\":\"https:\/\/andrerosinha.pt\/wp-content\/uploads\/2022\/05\/Andre\u0301-Rosinha-\u00a9Jorge-Carmona_2-scaled.jpg\",\"width\":2146,\"height\":2560,\"caption\":\"Andre\u0301 Rosinha \u00a9Jorge Carmona\"},{\"@type\":\"BreadcrumbList\",\"@id\":\"https:\/\/andrerosinha.pt\/en\/andre-rosinha\/#breadcrumb\",\"itemListElement\":[{\"@type\":\"ListItem\",\"position\":1,\"name\":\"In\u00edcio\",\"item\":\"https:\/\/andrerosinha.pt\/en\/\"},{\"@type\":\"ListItem\",\"position\":2,\"name\":\"About &#8211; Andr\u00e9 Rosinha\"}]},{\"@type\":\"WebSite\",\"@id\":\"https:\/\/andrerosinha.pt\/#website\",\"url\":\"https:\/\/andrerosinha.pt\/\",\"name\":\"Andr\u00e9 Rosinha\",\"description\":\"\",\"potentialAction\":[{\"@type\":\"SearchAction\",\"target\":{\"@type\":\"EntryPoint\",\"urlTemplate\":\"https:\/\/andrerosinha.pt\/?s={search_term_string}\"},\"query-input\":{\"@type\":\"PropertyValueSpecification\",\"valueRequired\":true,\"valueName\":\"search_term_string\"}}],\"inLanguage\":\"en-US\"}]}<\/script>\n<!-- \/ Yoast SEO plugin. -->","yoast_head_json":{"title":"About - Andr\u00e9 Rosinha - Andr\u00e9 Rosinha","description":"Born in Sintra (1987), Andr\u00e9 Rosinha started studying double bass at the age of 20, while being enrolled at the Conservatory.","robots":{"index":"index","follow":"follow","max-snippet":"max-snippet:-1","max-image-preview":"max-image-preview:large","max-video-preview":"max-video-preview:-1"},"canonical":"https:\/\/andrerosinha.pt\/en\/andre-rosinha\/","og_locale":"en_US","og_type":"article","og_title":"About - Andr\u00e9 Rosinha - Andr\u00e9 Rosinha","og_description":"Born in Sintra (1987), Andr\u00e9 Rosinha started studying double bass at the age of 20, while being enrolled at the Conservatory.","og_url":"https:\/\/andrerosinha.pt\/en\/andre-rosinha\/","og_site_name":"Andr\u00e9 Rosinha","article_modified_time":"2026-04-05T08:12:30+00:00","og_image":[{"width":2146,"height":2560,"url":"https:\/\/andrerosinha.pt\/wp-content\/uploads\/2022\/05\/Andre\u0301-Rosinha-\u00a9Jorge-Carmona_2-scaled.jpg","type":"image\/jpeg"}],"twitter_card":"summary_large_image","twitter_misc":{"Est. reading time":"4 minutes"},"schema":{"@context":"https:\/\/schema.org","@graph":[{"@type":"WebPage","@id":"https:\/\/andrerosinha.pt\/en\/andre-rosinha\/","url":"https:\/\/andrerosinha.pt\/en\/andre-rosinha\/","name":"About - Andr\u00e9 Rosinha - Andr\u00e9 Rosinha","isPartOf":{"@id":"https:\/\/andrerosinha.pt\/#website"},"primaryImageOfPage":{"@id":"https:\/\/andrerosinha.pt\/en\/andre-rosinha\/#primaryimage"},"image":{"@id":"https:\/\/andrerosinha.pt\/en\/andre-rosinha\/#primaryimage"},"thumbnailUrl":"https:\/\/andrerosinha.pt\/wp-content\/uploads\/2022\/05\/Andre\u0301-Rosinha-\u00a9Jorge-Carmona_2-scaled.jpg","datePublished":"2022-04-16T13:45:59+00:00","dateModified":"2026-04-05T08:12:30+00:00","description":"Born in Sintra (1987), Andr\u00e9 Rosinha started studying double bass at the age of 20, while being enrolled at the Conservatory.","breadcrumb":{"@id":"https:\/\/andrerosinha.pt\/en\/andre-rosinha\/#breadcrumb"},"inLanguage":"en-US","potentialAction":[{"@type":"ReadAction","target":["https:\/\/andrerosinha.pt\/en\/andre-rosinha\/"]}]},{"@type":"ImageObject","inLanguage":"en-US","@id":"https:\/\/andrerosinha.pt\/en\/andre-rosinha\/#primaryimage","url":"https:\/\/andrerosinha.pt\/wp-content\/uploads\/2022\/05\/Andre\u0301-Rosinha-\u00a9Jorge-Carmona_2-scaled.jpg","contentUrl":"https:\/\/andrerosinha.pt\/wp-content\/uploads\/2022\/05\/Andre\u0301-Rosinha-\u00a9Jorge-Carmona_2-scaled.jpg","width":2146,"height":2560,"caption":"Andre\u0301 Rosinha \u00a9Jorge Carmona"},{"@type":"BreadcrumbList","@id":"https:\/\/andrerosinha.pt\/en\/andre-rosinha\/#breadcrumb","itemListElement":[{"@type":"ListItem","position":1,"name":"In\u00edcio","item":"https:\/\/andrerosinha.pt\/en\/"},{"@type":"ListItem","position":2,"name":"About &#8211; Andr\u00e9 Rosinha"}]},{"@type":"WebSite","@id":"https:\/\/andrerosinha.pt\/#website","url":"https:\/\/andrerosinha.pt\/","name":"Andr\u00e9 Rosinha","description":"","potentialAction":[{"@type":"SearchAction","target":{"@type":"EntryPoint","urlTemplate":"https:\/\/andrerosinha.pt\/?s={search_term_string}"},"query-input":{"@type":"PropertyValueSpecification","valueRequired":true,"valueName":"search_term_string"}}],"inLanguage":"en-US"}]}},"_links":{"self":[{"href":"https:\/\/andrerosinha.pt\/en\/wp-json\/wp\/v2\/pages\/1562","targetHints":{"allow":["GET"]}}],"collection":[{"href":"https:\/\/andrerosinha.pt\/en\/wp-json\/wp\/v2\/pages"}],"about":[{"href":"https:\/\/andrerosinha.pt\/en\/wp-json\/wp\/v2\/types\/page"}],"author":[{"embeddable":true,"href":"https:\/\/andrerosinha.pt\/en\/wp-json\/wp\/v2\/users\/1"}],"replies":[{"embeddable":true,"href":"https:\/\/andrerosinha.pt\/en\/wp-json\/wp\/v2\/comments?post=1562"}],"version-history":[{"count":35,"href":"https:\/\/andrerosinha.pt\/en\/wp-json\/wp\/v2\/pages\/1562\/revisions"}],"predecessor-version":[{"id":3171,"href":"https:\/\/andrerosinha.pt\/en\/wp-json\/wp\/v2\/pages\/1562\/revisions\/3171"}],"wp:featuredmedia":[{"embeddable":true,"href":"https:\/\/andrerosinha.pt\/en\/wp-json\/wp\/v2\/media\/1542"}],"wp:attachment":[{"href":"https:\/\/andrerosinha.pt\/en\/wp-json\/wp\/v2\/media?parent=1562"}],"curies":[{"name":"wp","href":"https:\/\/api.w.org\/{rel}","templated":true}]}}